{"id":20631,"date":"2026-06-26T19:27:20","date_gmt":"2026-06-26T17:27:20","guid":{"rendered":"https:\/\/www.d-s-photo.com\/?page_id=20631"},"modified":"2026-07-16T10:09:04","modified_gmt":"2026-07-16T08:09:04","slug":"drone-videography","status":"publish","type":"page","link":"https:\/\/www.d-s-photo.com\/en\/services\/drone-videography\/","title":{"rendered":"Drone Videography"},"content":{"rendered":"\n<p class=\"wp-block-paragraph\">A drone makes it possible to lift the camera into the air and film subjects from a unique perspective. This results in high-quality drone videos and aerial shots that reveal relationships, proportions, and locations that often cannot be fully captured from the ground. <\/p>\n\n\n\n<p class=\"wp-block-paragraph\">Professional drone footage offers real added value, especially for businesses, real estate, architectural projects, and events. Buildings, sites, or event venues can be presented clearly and impressively from a bird\u2019s-eye view. As a result, drone videos are often a valuable complement to traditional videography and are increasingly being used for promotional films, corporate videos, and real estate marketing.  <\/p>\n\n\n\n<p class=\"wp-block-paragraph\">As a professional drone videographer in Munich, I produce drone videos for companies, agencies, architects, real estate developers, and event organizers. In addition to projects in Munich and Bavaria, I work throughout Germany and internationally on drone footage and aerial videos. From classic aerial shots to dynamic FPV drone videos, I create footage that brings projects, locations, and events to life from a new perspective.  <\/p>\n\n\n<div class=\"wp-bootstrap-blocks-button text-center\">\n\t<a\n\t\thref=\"#featured_projects\"\n\t\t\t\t\t\tclass=\"btn btn-primary\"\n\t>\n\t\tProjekte\t<\/a>\n<\/div>\n\n\n\n<h4 id=\"h-mehr-zu-hotelfotografie\" class=\"wp-block-heading\">Portfolio Highlights<\/h4>\n\n\n\n<div style=\"height:10px\" aria-hidden=\"true\" class=\"wp-block-spacer\"><\/div>\n\n\n\n<div class=\"wp-block-columns is-layout-flex wp-container-core-columns-is-layout-8f761849 wp-block-columns-is-layout-flex\">\n<div class=\"wp-block-column is-layout-flow wp-block-column-is-layout-flow\">\n<figure class=\"wp-block-embed is-type-video is-provider-vimeo wp-block-embed-vimeo wp-embed-aspect-16-9 wp-has-aspect-ratio\"><div class=\"wp-block-embed__wrapper\">\n<iframe loading=\"lazy\" title=\"Sweco_Lenggries\" src=\"https:\/\/player.vimeo.com\/video\/1204638999?dnt=1&amp;app_id=122963\" width=\"640\" height=\"360\" frameborder=\"0\" allow=\"autoplay; fullscreen; picture-in-picture; clipboard-write; encrypted-media; web-share\" referrerpolicy=\"strict-origin-when-cross-origin\"><\/iframe>\n<\/div><figcaption class=\"wp-element-caption\">Caritas St. Jakob, Sweco Architects, Lenggries.<\/figcaption><\/figure>\n\n\n\n<div style=\"height:10px\" aria-hidden=\"true\" class=\"wp-block-spacer\"><\/div>\n\n\n\n<figure class=\"wp-block-embed is-type-video is-provider-vimeo wp-block-embed-vimeo wp-embed-aspect-16-9 wp-has-aspect-ratio\"><div class=\"wp-block-embed__wrapper\">\n<iframe loading=\"lazy\" title=\"Sweco_Wartenberg\" src=\"https:\/\/player.vimeo.com\/video\/984201746?dnt=1&amp;app_id=122963\" width=\"640\" height=\"360\" frameborder=\"0\" allow=\"autoplay; fullscreen; picture-in-picture; clipboard-write; encrypted-media; web-share\" referrerpolicy=\"strict-origin-when-cross-origin\"><\/iframe>\n<\/div><figcaption class=\"wp-element-caption\">Wartenberg Clinic, Sweco Architects, Wartenberg.<\/figcaption><\/figure>\n\n\n\n<div style=\"height:10px\" aria-hidden=\"true\" class=\"wp-block-spacer\"><\/div>\n\n\n\n<figure class=\"wp-block-embed is-type-video is-provider-vimeo wp-block-embed-vimeo wp-embed-aspect-16-9 wp-has-aspect-ratio\"><div class=\"wp-block-embed__wrapper\">\n<iframe loading=\"lazy\" title=\"2023_08_22_Dado_Bau_V3\" src=\"https:\/\/player.vimeo.com\/video\/869123321?dnt=1&amp;app_id=122963\" width=\"640\" height=\"360\" frameborder=\"0\" allow=\"autoplay; fullscreen; picture-in-picture; clipboard-write; encrypted-media; web-share\" referrerpolicy=\"strict-origin-when-cross-origin\"><\/iframe>\n<\/div><figcaption class=\"wp-element-caption\">Construction Documentation, Dado Bau, Munich.<\/figcaption><\/figure>\n\n\n\n<div style=\"height:10px\" aria-hidden=\"true\" class=\"wp-block-spacer\"><\/div>\n\n\n\n<figure class=\"wp-block-embed is-type-video is-provider-vimeo wp-block-embed-vimeo wp-embed-aspect-16-9 wp-has-aspect-ratio\"><div class=\"wp-block-embed__wrapper\">\n<iframe loading=\"lazy\" title=\"Sweco_Portalklinik_Munich\" src=\"https:\/\/player.vimeo.com\/video\/796609916?dnt=1&amp;app_id=122963\" width=\"640\" height=\"360\" frameborder=\"0\" allow=\"autoplay; fullscreen; picture-in-picture; clipboard-write; encrypted-media; web-share\" referrerpolicy=\"strict-origin-when-cross-origin\"><\/iframe>\n<\/div><figcaption class=\"wp-element-caption\">Portalklinik, Sweco Architects, Munich.<\/figcaption><\/figure>\n<\/div>\n\n\n\n<div class=\"wp-block-column is-layout-flow wp-block-column-is-layout-flow\">\n<figure class=\"wp-block-embed is-type-video is-provider-vimeo wp-block-embed-vimeo wp-embed-aspect-16-9 wp-has-aspect-ratio\"><div class=\"wp-block-embed__wrapper\">\n<iframe loading=\"lazy\" title=\"Becken_Munich\" src=\"https:\/\/player.vimeo.com\/video\/1204650355?dnt=1&amp;app_id=122963\" width=\"640\" height=\"360\" frameborder=\"0\" allow=\"autoplay; fullscreen; picture-in-picture; clipboard-write; encrypted-media; web-share\" referrerpolicy=\"strict-origin-when-cross-origin\"><\/iframe>\n<\/div><figcaption class=\"wp-element-caption\">Factory, Becken Real Estate, Munich.<\/figcaption><\/figure>\n\n\n\n<div style=\"height:10px\" aria-hidden=\"true\" class=\"wp-block-spacer\"><\/div>\n\n\n\n<figure class=\"wp-block-embed is-type-video is-provider-vimeo wp-block-embed-vimeo wp-embed-aspect-16-9 wp-has-aspect-ratio\"><div class=\"wp-block-embed__wrapper\">\n<iframe loading=\"lazy\" title=\"Schmock - Drohnenvideo\" src=\"https:\/\/player.vimeo.com\/video\/733529777?dnt=1&amp;app_id=122963\" width=\"640\" height=\"360\" frameborder=\"0\" allow=\"autoplay; fullscreen; picture-in-picture; clipboard-write; encrypted-media; web-share\" referrerpolicy=\"strict-origin-when-cross-origin\"><\/iframe>\n<\/div><figcaption class=\"wp-element-caption\">Volkstheater, Restaurant Schmock, Munich.<\/figcaption><\/figure>\n\n\n\n<div style=\"height:10px\" aria-hidden=\"true\" class=\"wp-block-spacer\"><\/div>\n\n\n\n<figure class=\"wp-block-embed is-type-video is-provider-vimeo wp-block-embed-vimeo wp-embed-aspect-16-9 wp-has-aspect-ratio\"><div class=\"wp-block-embed__wrapper\">\n<iframe loading=\"lazy\" title=\"Ampega_Riem\" src=\"https:\/\/player.vimeo.com\/video\/1204646367?dnt=1&amp;app_id=122963\" width=\"640\" height=\"360\" frameborder=\"0\" allow=\"autoplay; fullscreen; picture-in-picture; clipboard-write; encrypted-media; web-share\" referrerpolicy=\"strict-origin-when-cross-origin\"><\/iframe>\n<\/div><figcaption class=\"wp-element-caption\">Property in Riem, Ampega, Munich.<\/figcaption><\/figure>\n\n\n\n<div style=\"height:10px\" aria-hidden=\"true\" class=\"wp-block-spacer\"><\/div>\n\n\n\n<figure class=\"wp-block-embed is-type-video is-provider-vimeo wp-block-embed-vimeo wp-embed-aspect-16-9 wp-has-aspect-ratio\"><div class=\"wp-block-embed__wrapper\">\n<iframe loading=\"lazy\" title=\"HBH_MITCREDITS_HD_1920x1080\" src=\"https:\/\/player.vimeo.com\/video\/984196916?dnt=1&amp;app_id=122963\" width=\"640\" height=\"360\" frameborder=\"0\" allow=\"autoplay; fullscreen; picture-in-picture; clipboard-write; encrypted-media; web-share\" referrerpolicy=\"strict-origin-when-cross-origin\"><\/iframe>\n<\/div><figcaption class=\"wp-element-caption\">Palais Montgelas, Hotel Bayerischer Hof, Munich.<\/figcaption><\/figure>\n<\/div>\n<\/div>\n\n\n\n<div class=\"wp-block-columns is-layout-flex wp-container-core-columns-is-layout-8f761849 wp-block-columns-is-layout-flex\"><\/div>\n\n\n\n<div class=\"wp-block-columns is-layout-flex wp-container-core-columns-is-layout-8f761849 wp-block-columns-is-layout-flex\">\n<div class=\"wp-block-column is-layout-flow wp-block-column-is-layout-flow\"><\/div>\n<\/div>\n\n\n\n<div style=\"height:40px\" aria-hidden=\"true\" class=\"wp-block-spacer\"><\/div>\n\n\n\n<h4 id=\"h-realisierung-durch-daniel-schvarcz-photography\" class=\"wp-block-heading\">Realized by Daniel Schvarcz Photography<\/h4>\n\n\n\n<div style=\"height:10px\" aria-hidden=\"true\" class=\"wp-block-spacer\"><\/div>\n\n\n\n<p class=\"wp-block-paragraph\">My top priority is to translate my clients\u2019 individual wishes and goals into high-quality drone videos and professional aerial footage. Whether it\u2019s classic drone footage, dynamic FPV flights, or a full-length promotional video\u2014my approach always starts with listening. Together, we\u2019ll develop a concept that brings your ideas to life visually and showcases your business, property, or project from unique perspectives.  <\/p>\n\n\n\n<p class=\"wp-block-paragraph\">Professionally produced drone videos create striking moving images that capture attention, evoke emotions, and convey your message in a modern and authentic way. From planning and drone flight to post-production, you\u2019ll receive all services from a single source. <\/p>\n\n\n\n<p class=\"wp-block-paragraph\">During a one-on-one consultation, we\u2019ll work together to develop a strategy tailored precisely to your vision and goals. Your needs are always our top priority. I\u2019d be happy to provide you with a customized quote for your drone video or aerial photography\u2014with transparent pricing, fair rates, and no hidden costs.  <\/p>\n\n\n\n<div class=\"wp-block-group\"><div class=\"wp-block-group__inner-container is-layout-constrained wp-block-group-is-layout-constrained\">\n<hr class=\"wp-block-separator has-css-opacity\"\/>\n\n\n\n<h4 class=\"wp-block-heading\">Selected Drone Videography Projects<\/h4>\n\n\n\n<div style=\"height:10px\" aria-hidden=\"true\" class=\"wp-block-spacer\"><\/div>\n\n\n<div class=\"wp-block-getwid-recent-posts has-layout-grid\" id=\"featured_projects\">\n                <div class=\"wp-block-getwid-recent-posts__wrapper getwid-columns getwid-columns-3\">\n<article class=\"wp-block-getwid-recent-posts__post post-15569 post type-post status-publish format-standard has-post-thumbnail hentry category-architectural-photography category-drone-photography category-drone-videos\" id=\"post-15569\">\n\n\t<div class=\"d-flex flex-column\">\n\n\t\t<div class=\"wp-block-getwid-recent-posts__post-thumbnail\">\n\t\t\t<a href=\"https:\/\/www.d-s-photo.com\/en\/construction-site-photography-dado-bau\/\">\n\t\t\t\t<img loading=\"lazy\" decoding=\"async\" width=\"768\" height=\"513\" src=\"https:\/\/www.d-s-photo.com\/wp-content\/uploads\/2023\/07\/DaDo_20230615_053.jpg\" class=\"attachment-preview-image size-preview-image wp-post-image wp-post-image\" alt=\"Construction Site Photography &#8211; Dado Bau\" srcset=\"https:\/\/www.d-s-photo.com\/wp-content\/uploads\/2023\/07\/DaDo_20230615_053.jpg 1800w, https:\/\/www.d-s-photo.com\/wp-content\/uploads\/2023\/07\/DaDo_20230615_053-300x200.jpg 300w, https:\/\/www.d-s-photo.com\/wp-content\/uploads\/2023\/07\/DaDo_20230615_053-1024x683.jpg 1024w, https:\/\/www.d-s-photo.com\/wp-content\/uploads\/2023\/07\/DaDo_20230615_053-768x512.jpg 768w, https:\/\/www.d-s-photo.com\/wp-content\/uploads\/2023\/07\/DaDo_20230615_053-1536x1024.jpg 1536w\" sizes=\"auto, (max-width: 768px) 100vw, 768px\" \/>\t\t\t<\/a>\n\t\t<\/div>\n\n\t\t<div class=\"wp-block-getwid-recent-posts__content-wrapper d-flex flex-column\">\n\n\t\t\t<header class=\"wp-block-getwid-recent-posts__entry-header\">\n\t\t\t\t<h3 class=\"wp-block-getwid-recent-posts__post-title\"><a href=\"https:\/\/www.d-s-photo.com\/en\/construction-site-photography-dado-bau\/\">Construction Site Photography &#8211; Dado Bau<\/a><\/h3>\n\t\t\t\t\n\n\t\t\t<\/header>\n\n\n\t\t\t<div class=\"read-more-link\">\n\t\t\t\t<a role=\"button\" class=\"btn btn-outline-primary\" href=\"https:\/\/www.d-s-photo.com\/en\/construction-site-photography-dado-bau\/\">read more<\/a>\n\t\t\t<\/div>\n\n\t\t<\/div>\n\n\t<\/div>\n\n<\/article><!-- #post-## -->\n\n<article class=\"wp-block-getwid-recent-posts__post post-16780 post type-post status-publish format-standard has-post-thumbnail hentry category-drone-photography category-drone-videos category-gastronomy-photography\" id=\"post-16780\">\n\n\t<div class=\"d-flex flex-column\">\n\n\t\t<div class=\"wp-block-getwid-recent-posts__post-thumbnail\">\n\t\t\t<a href=\"https:\/\/www.d-s-photo.com\/en\/video-clip-schmock-at-the-volkstheater\/\">\n\t\t\t\t<img loading=\"lazy\" decoding=\"async\" width=\"768\" height=\"513\" src=\"https:\/\/www.d-s-photo.com\/wp-content\/uploads\/2022\/05\/Bildschirmfoto-2024-03-28-um-17.03.48.jpg\" class=\"attachment-preview-image size-preview-image wp-post-image wp-post-image\" alt=\"Video Clip &#8211; Schmock at the Volkstheater\" srcset=\"https:\/\/www.d-s-photo.com\/wp-content\/uploads\/2022\/05\/Bildschirmfoto-2024-03-28-um-17.03.48.jpg 1465w, https:\/\/www.d-s-photo.com\/wp-content\/uploads\/2022\/05\/Bildschirmfoto-2024-03-28-um-17.03.48-300x200.jpg 300w, https:\/\/www.d-s-photo.com\/wp-content\/uploads\/2022\/05\/Bildschirmfoto-2024-03-28-um-17.03.48-1024x683.jpg 1024w, https:\/\/www.d-s-photo.com\/wp-content\/uploads\/2022\/05\/Bildschirmfoto-2024-03-28-um-17.03.48-768x512.jpg 768w\" sizes=\"auto, (max-width: 768px) 100vw, 768px\" \/>\t\t\t<\/a>\n\t\t<\/div>\n\n\t\t<div class=\"wp-block-getwid-recent-posts__content-wrapper d-flex flex-column\">\n\n\t\t\t<header class=\"wp-block-getwid-recent-posts__entry-header\">\n\t\t\t\t<h3 class=\"wp-block-getwid-recent-posts__post-title\"><a href=\"https:\/\/www.d-s-photo.com\/en\/video-clip-schmock-at-the-volkstheater\/\">Video Clip &#8211; Schmock at the Volkstheater<\/a><\/h3>\n\t\t\t\t\n\n\t\t\t<\/header>\n\n\n\t\t\t<div class=\"read-more-link\">\n\t\t\t\t<a role=\"button\" class=\"btn btn-outline-primary\" href=\"https:\/\/www.d-s-photo.com\/en\/video-clip-schmock-at-the-volkstheater\/\">read more<\/a>\n\t\t\t<\/div>\n\n\t\t<\/div>\n\n\t<\/div>\n\n<\/article><!-- #post-## -->\n\n<article class=\"wp-block-getwid-recent-posts__post post-16683 post type-post status-publish format-standard has-post-thumbnail hentry category-architectural-photography category-drone-photography category-drone-videos\" id=\"post-16683\">\n\n\t<div class=\"d-flex flex-column\">\n\n\t\t<div class=\"wp-block-getwid-recent-posts__post-thumbnail\">\n\t\t\t<a href=\"https:\/\/www.d-s-photo.com\/en\/architectural-photography-bernau-hospice\/\">\n\t\t\t\t<img loading=\"lazy\" decoding=\"async\" width=\"768\" height=\"513\" src=\"https:\/\/www.d-s-photo.com\/wp-content\/uploads\/2021\/07\/Sweco_20210614_792-HDR.jpg\" class=\"attachment-preview-image size-preview-image wp-post-image wp-post-image\" alt=\"Architectural Photography &#8211; Bernau Hospice\" srcset=\"https:\/\/www.d-s-photo.com\/wp-content\/uploads\/2021\/07\/Sweco_20210614_792-HDR.jpg 1800w, https:\/\/www.d-s-photo.com\/wp-content\/uploads\/2021\/07\/Sweco_20210614_792-HDR-300x200.jpg 300w, https:\/\/www.d-s-photo.com\/wp-content\/uploads\/2021\/07\/Sweco_20210614_792-HDR-1024x683.jpg 1024w, https:\/\/www.d-s-photo.com\/wp-content\/uploads\/2021\/07\/Sweco_20210614_792-HDR-768x512.jpg 768w, https:\/\/www.d-s-photo.com\/wp-content\/uploads\/2021\/07\/Sweco_20210614_792-HDR-1536x1025.jpg 1536w\" sizes=\"auto, (max-width: 768px) 100vw, 768px\" \/>\t\t\t<\/a>\n\t\t<\/div>\n\n\t\t<div class=\"wp-block-getwid-recent-posts__content-wrapper d-flex flex-column\">\n\n\t\t\t<header class=\"wp-block-getwid-recent-posts__entry-header\">\n\t\t\t\t<h3 class=\"wp-block-getwid-recent-posts__post-title\"><a href=\"https:\/\/www.d-s-photo.com\/en\/architectural-photography-bernau-hospice\/\">Architectural Photography &#8211; Bernau Hospice<\/a><\/h3>\n\t\t\t\t\n\n\t\t\t<\/header>\n\n\n\t\t\t<div class=\"read-more-link\">\n\t\t\t\t<a role=\"button\" class=\"btn btn-outline-primary\" href=\"https:\/\/www.d-s-photo.com\/en\/architectural-photography-bernau-hospice\/\">read more<\/a>\n\t\t\t<\/div>\n\n\t\t<\/div>\n\n\t<\/div>\n\n<\/article><!-- #post-## -->\n\n<article class=\"wp-block-getwid-recent-posts__post post-16661 post type-post status-publish format-standard has-post-thumbnail hentry category-drone-videos\" id=\"post-16661\">\n\n\t<div class=\"d-flex flex-column\">\n\n\t\t<div class=\"wp-block-getwid-recent-posts__post-thumbnail\">\n\t\t\t<a href=\"https:\/\/www.d-s-photo.com\/en\/video-clip-palais-montgelas\/\">\n\t\t\t\t<img loading=\"lazy\" decoding=\"async\" width=\"768\" height=\"513\" src=\"https:\/\/www.d-s-photo.com\/wp-content\/uploads\/2024\/03\/HBH_20200924_495-2-HDR-2.jpg\" class=\"attachment-preview-image size-preview-image wp-post-image wp-post-image\" alt=\"Video Clip &#8211; Palais Montgelas\" srcset=\"https:\/\/www.d-s-photo.com\/wp-content\/uploads\/2024\/03\/HBH_20200924_495-2-HDR-2.jpg 2000w, https:\/\/www.d-s-photo.com\/wp-content\/uploads\/2024\/03\/HBH_20200924_495-2-HDR-2-300x200.jpg 300w, https:\/\/www.d-s-photo.com\/wp-content\/uploads\/2024\/03\/HBH_20200924_495-2-HDR-2-1024x684.jpg 1024w, https:\/\/www.d-s-photo.com\/wp-content\/uploads\/2024\/03\/HBH_20200924_495-2-HDR-2-768x513.jpg 768w, https:\/\/www.d-s-photo.com\/wp-content\/uploads\/2024\/03\/HBH_20200924_495-2-HDR-2-1536x1025.jpg 1536w, https:\/\/www.d-s-photo.com\/wp-content\/uploads\/2024\/03\/HBH_20200924_495-2-HDR-2-1920x1282.jpg 1920w\" sizes=\"auto, (max-width: 768px) 100vw, 768px\" \/>\t\t\t<\/a>\n\t\t<\/div>\n\n\t\t<div class=\"wp-block-getwid-recent-posts__content-wrapper d-flex flex-column\">\n\n\t\t\t<header class=\"wp-block-getwid-recent-posts__entry-header\">\n\t\t\t\t<h3 class=\"wp-block-getwid-recent-posts__post-title\"><a href=\"https:\/\/www.d-s-photo.com\/en\/video-clip-palais-montgelas\/\">Video Clip &#8211; Palais Montgelas<\/a><\/h3>\n\t\t\t\t\n\n\t\t\t<\/header>\n\n\n\t\t\t<div class=\"read-more-link\">\n\t\t\t\t<a role=\"button\" class=\"btn btn-outline-primary\" href=\"https:\/\/www.d-s-photo.com\/en\/video-clip-palais-montgelas\/\">read more<\/a>\n\t\t\t<\/div>\n\n\t\t<\/div>\n\n\t<\/div>\n\n<\/article><!-- #post-## -->\n  <\/div>\n            <\/div><div class=\"wp-bootstrap-blocks-button text-center wh4-all-projects\">\n            <a href=\"https:\/\/www.d-s-photo.com\/en\/category\/drone-videos\/\" class=\"btn btn-primary\">All Projects<\/a>\n        <\/div>\n\n\n\n<hr class=\"wp-block-separator has-css-opacity\"\/>\n<\/div><\/div>\n\n\n\n<div style=\"height:10px\" aria-hidden=\"true\" class=\"wp-block-spacer\"><\/div>\n\n\n\n<h4 id=\"h-faq-fragen-antworten-zu-hotelfotografie\" class=\"wp-block-heading\">FAQ \u2013 QUESTIONS &amp; ANSWERS ABOUT Videography<\/h4>\n\n\n\n<div style=\"height:10px\" aria-hidden=\"true\" class=\"wp-block-spacer\"><\/div>\n\n\n\n<div class=\"wp-block-pb-accordion-item c-accordion__item js-accordion-item no-js\" data-initially-open=\"false\" data-click-to-close=\"true\" data-auto-close=\"true\" data-scroll=\"false\" data-scroll-offset=\"0\"><h5 id=\"at-206310\" class=\"c-accordion__title js-accordion-controller\" role=\"button\">What should you keep in mind when taking photos with a drone?<\/h5><div id=\"ac-206310\" class=\"c-accordion__content\">\n<p class=\"wp-block-paragraph\">Since drones operate in airspace, the applicable legal requirements must be checked before every flight. Depending on the location, permits or authorizations may be required. Careful planning is therefore an essential part of every drone flight.  <\/p>\n\n\n\n<p class=\"wp-block-paragraph\">In addition, weather conditions play an important role. Wind, precipitation, or poor visibility can affect a flight\u2019s operation and must be taken into account when scheduling. <\/p>\n\n\n\n<p class=\"wp-block-paragraph\">As a certified drone pilot, I handle the preparations and ensure that all shots are captured safely and professionally.<\/p>\n<\/div><\/div>\n\n\n\n<div class=\"wp-block-pb-accordion-item c-accordion__item js-accordion-item no-js\" data-initially-open=\"false\" data-click-to-close=\"true\" data-auto-close=\"true\" data-scroll=\"false\" data-scroll-offset=\"0\"><h5 id=\"at-206311\" class=\"c-accordion__title js-accordion-controller\" role=\"button\">For which projects are drone videos suitable?<\/h5><div id=\"ac-206311\" class=\"c-accordion__content\">\n<p class=\"wp-block-paragraph\">Drone videos are ideal for businesses, real estate, architecture, hotels, the restaurant industry, events, construction site documentation, and tourist destinations. Professional aerial footage allows locations, buildings, and events to be presented in a particularly impressive way. <\/p>\n<\/div><\/div>\n\n\n\n<div class=\"wp-block-pb-accordion-item c-accordion__item js-accordion-item no-js\" data-initially-open=\"false\" data-click-to-close=\"true\" data-auto-close=\"true\" data-scroll=\"false\" data-scroll-offset=\"0\"><h5 id=\"at-206312\" class=\"c-accordion__title js-accordion-controller\" role=\"button\">Do I need a permit to take drone footage?<\/h5><div id=\"ac-206312\" class=\"c-accordion__content\">\n<p class=\"wp-block-paragraph\">Depending on the location, permits or approvals may be required. This applies, for example, to flights near airports, over certain buildings, or in sensitive areas. The necessary requirements are carefully reviewed before each mission.  <\/p>\n<\/div><\/div>\n\n\n\n<div class=\"wp-block-pb-accordion-item c-accordion__item js-accordion-item no-js\" data-initially-open=\"false\" data-click-to-close=\"true\" data-auto-close=\"true\" data-scroll=\"false\" data-scroll-offset=\"0\"><h5 id=\"at-206313\" class=\"c-accordion__title js-accordion-controller\" role=\"button\">Can drone videos also be recorded indoors?<\/h5><div id=\"ac-206313\" class=\"c-accordion__content\">\n<p class=\"wp-block-paragraph\">Yes. Specialized FPV drones make it possible to capture safe and impressive indoor footage. Hotels, restaurants, event venues, showrooms, and corporate locations, in particular, benefit from a professional drone video tour of their facilities.  <\/p>\n<\/div><\/div>\n\n\n\n<div class=\"wp-block-pb-accordion-item c-accordion__item js-accordion-item no-js\" data-initially-open=\"false\" data-click-to-close=\"true\" data-auto-close=\"true\" data-scroll=\"false\" data-scroll-offset=\"0\"><h5 id=\"at-206314\" class=\"c-accordion__title js-accordion-controller\" role=\"button\">What is an FPV drone video?<\/h5><div id=\"ac-206314\" class=\"c-accordion__content\">\n<p class=\"wp-block-paragraph\">FPV stands for \u201cFirst Person View.\u201d This allows the drone to be controlled with exceptional precision and to perform smooth maneuvers through buildings, halls, or outdoor areas. The result is dynamic video footage that takes the viewer right into the heart of the location.  <\/p>\n<\/div><\/div>\n\n\n\n<div class=\"wp-block-pb-accordion-item c-accordion__item js-accordion-item no-js\" data-initially-open=\"false\" data-click-to-close=\"true\" data-auto-close=\"true\" data-scroll=\"false\" data-scroll-offset=\"0\"><h5 id=\"at-206315\" class=\"c-accordion__title js-accordion-controller\" role=\"button\">How much does a drone video cost in Munich?<\/h5><div id=\"ac-206315\" class=\"c-accordion__content\">\n<p class=\"wp-block-paragraph\">The cost of a drone video depends on the scope of the project, the desired flight time, the necessary permits, and the amount of post-production editing required. I would be happy to provide you with a customized quote tailored exactly to your needs. <\/p>\n<\/div><\/div>\n","protected":false},"excerpt":{"rendered":"<p>A drone makes it possible to lift the camera into the air and film subjects from a unique perspective. This [&#8230;]<\/p>\n","protected":false},"author":1,"featured_media":0,"parent":14854,"menu_order":4,"comment_status":"closed","ping_status":"closed","template":"","meta":{"footnotes":""},"class_list":["post-20631","page","type-page","status-publish","hentry"],"yoast_head":"<!-- This site is optimized with the Yoast SEO plugin v28.3 - https:\/\/yoast.com\/product\/yoast-seo-wordpress\/ -->\n<title>FPV Drone Footage in Munich - Professional Drone Videos<\/title>\n<meta name=\"description\" content=\"As an experienced FPV drone videographer in Munich, I create stunning drone videos that authentically showcase your brand.\" \/>\n<meta name=\"robots\" content=\"index, follow, max-snippet:-1, max-image-preview:large, max-video-preview:-1\" \/>\n<link rel=\"canonical\" href=\"https:\/\/www.d-s-photo.com\/en\/services\/drone-videography\/\" \/>\n<meta property=\"og:locale\" content=\"en_US\" \/>\n<meta property=\"og:type\" content=\"article\" \/>\n<meta property=\"og:title\" content=\"FPV Drone Footage in Munich - Professional Drone Videos\" \/>\n<meta property=\"og:description\" content=\"As an experienced FPV drone videographer in Munich, I create stunning drone videos that authentically showcase your brand.\" \/>\n<meta property=\"og:url\" content=\"https:\/\/www.d-s-photo.com\/en\/services\/drone-videography\/\" \/>\n<meta property=\"og:site_name\" content=\"Daniel Schvarcz Fotograf\" \/>\n<meta property=\"article:publisher\" content=\"https:\/\/www.facebook.com\/danielschvarczphotography\" \/>\n<meta property=\"article:modified_time\" content=\"2026-07-16T08:09:04+00:00\" \/>\n<meta name=\"twitter:card\" content=\"summary_large_image\" \/>\n<meta name=\"twitter:label1\" content=\"Est. reading time\" \/>\n\t<meta name=\"twitter:data1\" content=\"4 minutes\" \/>\n<script type=\"application\/ld+json\" class=\"yoast-schema-graph\">{\"@context\":\"https:\\\/\\\/schema.org\",\"@graph\":[{\"@type\":\"WebPage\",\"@id\":\"https:\\\/\\\/www.d-s-photo.com\\\/en\\\/services\\\/drone-videography\\\/\",\"url\":\"https:\\\/\\\/www.d-s-photo.com\\\/en\\\/services\\\/drone-videography\\\/\",\"name\":\"FPV Drone Footage in Munich - Professional Drone Videos\",\"isPartOf\":{\"@id\":\"https:\\\/\\\/www.d-s-photo.com\\\/en\\\/#website\"},\"datePublished\":\"2026-06-26T17:27:20+00:00\",\"dateModified\":\"2026-07-16T08:09:04+00:00\",\"description\":\"As an experienced FPV drone videographer in Munich, I create stunning drone videos that authentically showcase your brand.\",\"breadcrumb\":{\"@id\":\"https:\\\/\\\/www.d-s-photo.com\\\/en\\\/services\\\/drone-videography\\\/#breadcrumb\"},\"inLanguage\":\"en-US\",\"potentialAction\":[{\"@type\":\"ReadAction\",\"target\":[\"https:\\\/\\\/www.d-s-photo.com\\\/en\\\/services\\\/drone-videography\\\/\"]}]},{\"@type\":\"BreadcrumbList\",\"@id\":\"https:\\\/\\\/www.d-s-photo.com\\\/en\\\/services\\\/drone-videography\\\/#breadcrumb\",\"itemListElement\":[{\"@type\":\"ListItem\",\"position\":1,\"name\":\"Startseite\",\"item\":\"https:\\\/\\\/www.d-s-photo.com\\\/en\\\/\"},{\"@type\":\"ListItem\",\"position\":2,\"name\":\"Services\",\"item\":\"https:\\\/\\\/www.d-s-photo.com\\\/en\\\/services\\\/\"},{\"@type\":\"ListItem\",\"position\":3,\"name\":\"Drone Videography\"}]},{\"@type\":\"WebSite\",\"@id\":\"https:\\\/\\\/www.d-s-photo.com\\\/en\\\/#website\",\"url\":\"https:\\\/\\\/www.d-s-photo.com\\\/en\\\/\",\"name\":\"Daniel Schvarcz Fotograf\",\"description\":\"Meine Schwerpunkte als Fotograf sind Architektur, Hotellerie, Food, Industrie, Business und Produkt Fotografie sowie klassische Werbefotografie.  \u00dcber die gesamte Bandbreite meiner Leistungen biete ich beste fotografische Qualit\u00e4t, abgestimmte Prozesse, exakte Timings und faire Konditionen. Eben ein professionelles Gesamtpaket f\u00fcr fotografische Herausforderungen im Bereich B2B.  Lassen Sie sich durch die Galerie inspirieren und unter 089-12190403 von mir direkt beraten.\",\"publisher\":{\"@id\":\"https:\\\/\\\/www.d-s-photo.com\\\/en\\\/#organization\"},\"potentialAction\":[{\"@type\":\"SearchAction\",\"target\":{\"@type\":\"EntryPoint\",\"urlTemplate\":\"https:\\\/\\\/www.d-s-photo.com\\\/en\\\/?s={search_term_string}\"},\"query-input\":{\"@type\":\"PropertyValueSpecification\",\"valueRequired\":true,\"valueName\":\"search_term_string\"}}],\"inLanguage\":\"en-US\"},{\"@type\":\"Organization\",\"@id\":\"https:\\\/\\\/www.d-s-photo.com\\\/en\\\/#organization\",\"name\":\"Daniel Schvarcz Photographie\",\"url\":\"https:\\\/\\\/www.d-s-photo.com\\\/en\\\/\",\"logo\":{\"@type\":\"ImageObject\",\"inLanguage\":\"en-US\",\"@id\":\"https:\\\/\\\/www.d-s-photo.com\\\/en\\\/#\\\/schema\\\/logo\\\/image\\\/\",\"url\":\"https:\\\/\\\/www.d-s-photo.com\\\/wp-content\\\/uploads\\\/2021\\\/12\\\/DS_Logo_2021.svg\",\"contentUrl\":\"https:\\\/\\\/www.d-s-photo.com\\\/wp-content\\\/uploads\\\/2021\\\/12\\\/DS_Logo_2021.svg\",\"width\":1,\"height\":1,\"caption\":\"Daniel Schvarcz Photographie\"},\"image\":{\"@id\":\"https:\\\/\\\/www.d-s-photo.com\\\/en\\\/#\\\/schema\\\/logo\\\/image\\\/\"},\"sameAs\":[\"https:\\\/\\\/www.facebook.com\\\/danielschvarczphotography\",\"https:\\\/\\\/www.instagram.com\\\/daniel.schvarcz.photography\\\/\",\"https:\\\/\\\/www.linkedin.com\\\/in\\\/daniel-schvarcz-99376018a\\\/\",\"https:\\\/\\\/www.youtube.com\\\/channel\\\/UCE5Ov4Zvczhte1ky-pDCJtw\"]}]}<\/script>\n<!-- \/ Yoast SEO plugin. -->","yoast_head_json":{"title":"FPV Drone Footage in Munich - Professional Drone Videos","description":"As an experienced FPV drone videographer in Munich, I create stunning drone videos that authentically showcase your brand.","robots":{"index":"index","follow":"follow","max-snippet":"max-snippet:-1","max-image-preview":"max-image-preview:large","max-video-preview":"max-video-preview:-1"},"canonical":"https:\/\/www.d-s-photo.com\/en\/services\/drone-videography\/","og_locale":"en_US","og_type":"article","og_title":"FPV Drone Footage in Munich - Professional Drone Videos","og_description":"As an experienced FPV drone videographer in Munich, I create stunning drone videos that authentically showcase your brand.","og_url":"https:\/\/www.d-s-photo.com\/en\/services\/drone-videography\/","og_site_name":"Daniel Schvarcz Fotograf","article_publisher":"https:\/\/www.facebook.com\/danielschvarczphotography","article_modified_time":"2026-07-16T08:09:04+00:00","twitter_card":"summary_large_image","twitter_misc":{"Est. reading time":"4 minutes"},"schema":{"@context":"https:\/\/schema.org","@graph":[{"@type":"WebPage","@id":"https:\/\/www.d-s-photo.com\/en\/services\/drone-videography\/","url":"https:\/\/www.d-s-photo.com\/en\/services\/drone-videography\/","name":"FPV Drone Footage in Munich - Professional Drone Videos","isPartOf":{"@id":"https:\/\/www.d-s-photo.com\/en\/#website"},"datePublished":"2026-06-26T17:27:20+00:00","dateModified":"2026-07-16T08:09:04+00:00","description":"As an experienced FPV drone videographer in Munich, I create stunning drone videos that authentically showcase your brand.","breadcrumb":{"@id":"https:\/\/www.d-s-photo.com\/en\/services\/drone-videography\/#breadcrumb"},"inLanguage":"en-US","potentialAction":[{"@type":"ReadAction","target":["https:\/\/www.d-s-photo.com\/en\/services\/drone-videography\/"]}]},{"@type":"BreadcrumbList","@id":"https:\/\/www.d-s-photo.com\/en\/services\/drone-videography\/#breadcrumb","itemListElement":[{"@type":"ListItem","position":1,"name":"Startseite","item":"https:\/\/www.d-s-photo.com\/en\/"},{"@type":"ListItem","position":2,"name":"Services","item":"https:\/\/www.d-s-photo.com\/en\/services\/"},{"@type":"ListItem","position":3,"name":"Drone Videography"}]},{"@type":"WebSite","@id":"https:\/\/www.d-s-photo.com\/en\/#website","url":"https:\/\/www.d-s-photo.com\/en\/","name":"Daniel Schvarcz Fotograf","description":"Meine Schwerpunkte als Fotograf sind Architektur, Hotellerie, Food, Industrie, Business und Produkt Fotografie sowie klassische Werbefotografie.  \u00dcber die gesamte Bandbreite meiner Leistungen biete ich beste fotografische Qualit\u00e4t, abgestimmte Prozesse, exakte Timings und faire Konditionen. Eben ein professionelles Gesamtpaket f\u00fcr fotografische Herausforderungen im Bereich B2B.  Lassen Sie sich durch die Galerie inspirieren und unter 089-12190403 von mir direkt beraten.","publisher":{"@id":"https:\/\/www.d-s-photo.com\/en\/#organization"},"potentialAction":[{"@type":"SearchAction","target":{"@type":"EntryPoint","urlTemplate":"https:\/\/www.d-s-photo.com\/en\/?s={search_term_string}"},"query-input":{"@type":"PropertyValueSpecification","valueRequired":true,"valueName":"search_term_string"}}],"inLanguage":"en-US"},{"@type":"Organization","@id":"https:\/\/www.d-s-photo.com\/en\/#organization","name":"Daniel Schvarcz Photographie","url":"https:\/\/www.d-s-photo.com\/en\/","logo":{"@type":"ImageObject","inLanguage":"en-US","@id":"https:\/\/www.d-s-photo.com\/en\/#\/schema\/logo\/image\/","url":"https:\/\/www.d-s-photo.com\/wp-content\/uploads\/2021\/12\/DS_Logo_2021.svg","contentUrl":"https:\/\/www.d-s-photo.com\/wp-content\/uploads\/2021\/12\/DS_Logo_2021.svg","width":1,"height":1,"caption":"Daniel Schvarcz Photographie"},"image":{"@id":"https:\/\/www.d-s-photo.com\/en\/#\/schema\/logo\/image\/"},"sameAs":["https:\/\/www.facebook.com\/danielschvarczphotography","https:\/\/www.instagram.com\/daniel.schvarcz.photography\/","https:\/\/www.linkedin.com\/in\/daniel-schvarcz-99376018a\/","https:\/\/www.youtube.com\/channel\/UCE5Ov4Zvczhte1ky-pDCJtw"]}]}},"_links":{"self":[{"href":"https:\/\/www.d-s-photo.com\/en\/wp-json\/wp\/v2\/pages\/20631","targetHints":{"allow":["GET"]}}],"collection":[{"href":"https:\/\/www.d-s-photo.com\/en\/wp-json\/wp\/v2\/pages"}],"about":[{"href":"https:\/\/www.d-s-photo.com\/en\/wp-json\/wp\/v2\/types\/page"}],"author":[{"embeddable":true,"href":"https:\/\/www.d-s-photo.com\/en\/wp-json\/wp\/v2\/users\/1"}],"replies":[{"embeddable":true,"href":"https:\/\/www.d-s-photo.com\/en\/wp-json\/wp\/v2\/comments?post=20631"}],"version-history":[{"count":4,"href":"https:\/\/www.d-s-photo.com\/en\/wp-json\/wp\/v2\/pages\/20631\/revisions"}],"predecessor-version":[{"id":21046,"href":"https:\/\/www.d-s-photo.com\/en\/wp-json\/wp\/v2\/pages\/20631\/revisions\/21046"}],"up":[{"embeddable":true,"href":"https:\/\/www.d-s-photo.com\/en\/wp-json\/wp\/v2\/pages\/14854"}],"wp:attachment":[{"href":"https:\/\/www.d-s-photo.com\/en\/wp-json\/wp\/v2\/media?parent=20631"}],"curies":[{"name":"wp","href":"https:\/\/api.w.org\/{rel}","templated":true}]}}